{"id":3395,"date":"2025-06-16T22:08:35","date_gmt":"2025-06-16T20:08:35","guid":{"rendered":"https:\/\/v2.adelinebreviere-studio.com\/abv2\/?page_id=3395"},"modified":"2025-06-16T22:43:43","modified_gmt":"2025-06-16T20:43:43","slug":"mentions-legales","status":"publish","type":"page","link":"https:\/\/v2.adelinebreviere-studio.com\/abv2\/index.php\/mentions-legales\/","title":{"rendered":""},"content":{"rendered":"\n<h3 class=\"wp-block-heading has-text-align-center has-text-color has-link-color wp-elements-0756ba8563a119e8fa6596aae8d67721\" style=\"color:#1e3b73\">Mentions l\u00e9gales et gestion des cookies<\/h3>\n\n\n\n<div class=\"wp-block-harington-gutenberg-container content-row light-section normal row_padding_bottom\" data-bgcolor=\"#eeeeee\" style=\"text-align:left\">\n<p class=\"has-text-align-center has-text-color has-link-color wp-elements-affd935f0637574fac55e286e40257a8\" style=\"color:#1e3b73\">Ce site est l\u2019enti\u00e8re propri\u00e9t\u00e9 de Adeline Brevi\u00e8re.<br>Copyright Adeline Brevi\u00e8re 2025<br>Toute reproduction, m\u00eame partielle, de ce site est strictement interdite.<\/p>\n\n\n\n<p class=\"has-text-color has-link-color wp-elements-c4b128dc393e1676cbaa452301e7fcf1\" style=\"color:#e83f4e\">\u2014 \u00c9DITEUR\u00a0:<\/p>\n\n\n\n<p class=\"has-text-color has-link-color wp-elements-b5a3fa7d08eb1288cb19ad7b3f867fa2\" style=\"color:#1e3b73\">Ce site a \u00e9t\u00e9 con\u00e7u et r\u00e9alis\u00e9 par Adeline Brevi\u00e8re EI.<br>Artiste Auteure<br>Mail : adelineb.studio@gmail.com<\/p>\n\n\n\n<p class=\"has-text-color has-link-color wp-elements-93eb4981ce7f0e7ff69de9ad39bc72db\" style=\"color:#e83f4e\">\u2014 H\u00c9BERGEMENT :<\/p>\n\n\n\n<p class=\"has-text-color has-link-color wp-elements-b7ae554aaff0ef02d444153953909c57\" style=\"color:#1e3b73\">OVH Sarl \u2013 140 Quai du Sartel \u2013 59100 ROUBAIX \u2013 FRANCE<br>T\u00e9l. : 0899 701 761 (1,349 \u20ac TTC l\u2019appel, et 0,337 \u20ac TTC\/mn)<br>RCS ROUBAIX \u2013 TOURCOING 424 761 419 00011<\/p>\n\n\n\n<p class=\"has-text-color has-link-color wp-elements-5d5d379d4d854302457b0b27edb6d2ea\" style=\"color:#1e3b73\">Cette d\u00e9claration de cookie a \u00e9t\u00e9 cr\u00e9\u00e9e et mise \u00e0 jour par&nbsp;<a href=\"https:\/\/cookiefirst.com\/\" rel=\"noreferrer noopener\" target=\"_blank\">CookieFirst.com<\/a>.<br>Cette table de cookies a \u00e9t\u00e9 cr\u00e9\u00e9e et mise \u00e0 jour par le&nbsp;<a href=\"https:\/\/cookiefirst.com\/\" rel=\"noreferrer noopener\" target=\"_blank\">CookieFirst consent management platform<\/a>.<\/p>\n\n\n\n<p class=\"has-text-color has-link-color has-medium-font-size wp-elements-2fce1c635e076e3abdaf9807c1f234ed\" style=\"color:#1e3b73\">\u2014 Politique de confidentialit\u00e9 :<\/p>\n\n\n\n<p class=\"has-text-color has-link-color wp-elements-53bd424f83fe213d84184535e1ced0ad\" style=\"color:#1e3b73\">Adeline Brevi\u00e8re est responsable des traitements de vos donn\u00e9es personnelles collect\u00e9es sur ce site internet telle que d\u00e9finie dans cette politique de confidentialit\u00e9.<br>Ce document a pour objectif d\u2019informer de fa\u00e7on concise, claire et compr\u00e9hensible les visiteurs du site internet adelinebreviere-studio.com, les prospects et les clients sur l\u2019utilisation de leurs donn\u00e9es personnelles ainsi que sur leurs droits sp\u00e9cifiques sur lesdites donn\u00e9es.<br>Le pr\u00e9sent site web respecte les r\u00e8gles suivantes :<br>Pas d\u2019utilisation des informations collect\u00e9es pour une autre finalit\u00e9 que celle pour laquelle elles ont \u00e9t\u00e9 collect\u00e9es<br>Pas de collecte de donn\u00e9es \u00e0 l\u2019insu de l\u2019internaute<br>Pas de cession \u00e0 des tiers<\/p>\n\n\n\n<p class=\"has-text-color has-link-color has-medium-font-size wp-elements-9c199077810f96c458ef0cbc910f37a0\" style=\"color:#1e3b73\">\u2014 Les donn\u00e9es personnelles susceptible de faire l\u2019objet d\u2019un traitement :<\/p>\n\n\n\n<p class=\"has-text-color has-link-color wp-elements-772041889e4ad04c5c397a886be2d6ed\" style=\"color:#1e3b73\">Des donn\u00e9es d\u2019identification des personnes concern\u00e9es telles que : nom, pr\u00e9nom, nom de l\u2019entreprise<br>Des donn\u00e9es de contact, telles que : coordonn\u00e9es t\u00e9l\u00e9phoniques, adresse e-mail professionnelle ;<br>Des donn\u00e9es li\u00e9es \u00e0 votre candidature si vous postulez<\/p>\n\n\n\n<p class=\"has-text-color has-link-color has-medium-font-size wp-elements-f9e703082a582e21b1374e08016959d0\" style=\"color:#1e3b73\">\u2014 Les finalit\u00e9s pour lesquelles vos donn\u00e9es personnelles sont collect\u00e9es et leur base l\u00e9gale :<\/p>\n\n\n\n<div class=\"wp-block-columns is-layout-flex wp-container-core-columns-is-layout-9d6595d7 wp-block-columns-is-layout-flex\">\n<div class=\"wp-block-column is-layout-flow wp-block-column-is-layout-flow\">\n<p class=\"has-text-color has-link-color wp-elements-6944df87834bc40280059f77245aea21\" style=\"color:#1e3b73\"><strong>Finalit\u00e9<\/strong><br>Gestion des demandes d\u2019informations venant du site internet<br>Envoi d\u2019email de prospection<br>Gestion des demandes de devis<br>Gestion du dossier client<br>Gestion des candidatures<\/p>\n<\/div>\n\n\n\n<div class=\"wp-block-column is-layout-flow wp-block-column-is-layout-flow\">\n<p class=\"has-text-color has-link-color wp-elements-cc14ac4c4d91c0bf22f4503ba5825435\" style=\"color:#1e3b73\"><strong><strong>Base l\u00e9gale<\/strong><\/strong><br>Consentement de la personne<br>Consentement de la personne<br>N\u00e9cessaire \u00e0 l\u2019ex\u00e9cution d\u2019un contrat ou \u00e0 l\u2019ex\u00e9cution de mesures pr\u00e9contractuelles prises \u00e0 la demande du client<br>N\u00e9cessaire \u00e0 l\u2019ex\u00e9cution d\u2019un contrat ou \u00e0 l\u2019ex\u00e9cution de mesures pr\u00e9contractuelles prises \u00e0 la demande du client<br>Int\u00e9r\u00eat l\u00e9gitime<\/p>\n<\/div>\n<\/div>\n\n\n\n<p class=\"has-text-color has-link-color has-medium-font-size wp-elements-32bd1e54ca45ef310ab2901c9438b02c\" style=\"color:#1e3b73\">\u2014 Les dur\u00e9es de conservation :<\/p>\n\n\n\n<p class=\"has-text-color has-link-color wp-elements-cd51e23898cf22b8da4d821a4f5eb993\" style=\"color:#1e3b73\">Vos donn\u00e9es ne sont conserv\u00e9es sous une forme permettant votre identification que pour la dur\u00e9e n\u00e9cessaire au regard des finalit\u00e9s pour lesquelles elles sont trait\u00e9es.<br>Les dur\u00e9es de conservation suivantes sont appliqu\u00e9es :<\/p>\n\n\n\n<div class=\"wp-block-columns is-layout-flex wp-container-core-columns-is-layout-9d6595d7 wp-block-columns-is-layout-flex\">\n<div class=\"wp-block-column is-layout-flow wp-block-column-is-layout-flow\">\n<p class=\"has-text-color has-link-color wp-elements-8598c57a6e8a9f1a0b214810ce0da064\" style=\"color:#1e3b73\"><strong><strong>Finalit\u00e9<\/strong><\/strong><br>Gestion des demandes d\u2019informations venant du site internet<br>Envoi d\u2019email de prospection<br>Gestion des demandes de devis<br>Gestion du dossier client<br>Gestion des candidatures<\/p>\n<\/div>\n\n\n\n<div class=\"wp-block-column is-layout-flow wp-block-column-is-layout-flow\">\n<p class=\"has-text-color has-link-color wp-elements-67d14d03baf29d40526858ec5daff556\" style=\"color:#1e3b73\"><strong><strong><strong>Dur\u00e9e de conservation<\/strong><\/strong><\/strong><br>Dur\u00e9e n\u00e9cessaire pour r\u00e9pondre \u00e0 la demande<br>3 ans pour la prospection \u00e0 compter du dernier contact, puis pendant toute la dur\u00e9e de la relation si le prospect devient client puis 5 ans en cas de litige ou contentieux<br>3 ans pour la prospection, puis pendant toute la dur\u00e9e de la relation si le prospect devient client puis 5 ans en cas de litige ou contentieux<br>Dur\u00e9e de la relation contractuelle puis 5 ans en cas de litige ou contentieux, pour la facturation 10 ans<br>2 ans<\/p>\n<\/div>\n<\/div>\n\n\n\n<p class=\"has-text-color has-link-color has-medium-font-size wp-elements-f1a4c6e7dddba253c47f41ade36dee1d\" style=\"color:#1e3b73\">\u2014 Vos droits :<\/p>\n\n\n\n<p class=\"has-text-color has-link-color wp-elements-a0772e193fc65b44c5c891c3c18228d6\" style=\"color:#1e3b73\">Conform\u00e9ment \u00e0 la r\u00e9glementation en vigueur, vous disposez des droits suivants concernant vos donn\u00e9es personnelles :<br><strong>droit de demander l\u2019acc\u00e8s \u00e0 vos donn\u00e9es personnelles<\/strong>\u00a0: vous pouvez demande, \u00e0 tout moment, acc\u00e8s aux donn\u00e9es personnelles que le responsable de traitement d\u00e9tient sur vous.<br><strong>droit de rectification<\/strong>\u00a0: vous pouvez demander au responsable de traitement de compl\u00e9ter vos donn\u00e9es personnelles ou de les corriger si vous remarquez un oubli ou une erreur.<br><strong>droit d\u2019opposition<\/strong>\u00a0: vous pouvez vous opposer, \u00e0 tout moment, \u00e0 ce que vos donn\u00e9es personnelles fassent l\u2019objet d\u2019un traitement n\u00e9cessaire aux fins l\u00e9gitimes poursuivis par le responsable de traitement, en particulier dans le cadre de l\u2019utilisation \u00e0 des fins prospection commerciale.<br><strong>droit d\u2019effacement<\/strong>\u00a0: vous pouvez, sous certaines conditions, demander la suppression de vos donn\u00e9es personnelles.<br><strong>droit \u00e0 la portabilit\u00e9\u00a0<\/strong>: vous pouvez, sous certaines conditions, obtenir vos donn\u00e9es personnelles dans un format structur\u00e9 ou demander la transmission de vos donn\u00e9es personnelles \u00e0 un autre organisme.<br><strong>droit \u00e0 la limitation du traitement\u00a0<\/strong>: vous pouvez, sous certaines conditions, demander au responsable de traitement de geler l\u2019utilisation de vos donn\u00e9es personnelles.<br>Pour les traitements dont la base l\u00e9gale est le consentement, vous pouvez le retirer \u00e0 tout moment.<br>En cas de litige, vous disposez du droit d\u2019introduire une r\u00e9clamation aupr\u00e8s de la CNIL : lien.<br><a href=\"https:\/\/www.cnil.fr\/fr\/cnil-direct\/question\/adresser-une-reclamation-plainte-la-cnil-quelles-conditions-et-comment\">https:\/\/www.cnil.fr\/fr\/cnil-direct\/question\/adresser-une-reclamation-plainte-la-cnil-quelles-conditions-et-comment<\/a><br>Pour exercer vos droits, vous pouvez adresser votre demande \u00e0 l\u2019adresse suivante : adelineb.studio@gmail.com<\/p>\n\n\n\n<p class=\"has-text-color has-link-color has-medium-font-size wp-elements-f420e9d1d78f3dcad79649ac90aee85d\" style=\"color:#1e3b73\">\u2014 Les destinataires de vos donn\u00e9es :<\/p>\n\n\n\n<p class=\"has-text-color has-link-color wp-elements-7d41c9f268408f1571472d28b4b5502d\" style=\"color:#1e3b73\">Le responsable de traitement est le destinataire des donn\u00e9es personnelles collect\u00e9es.<br>Si cela est n\u00e9cessaire aux finalit\u00e9s pr\u00e9cit\u00e9es, ces donn\u00e9es pourront \u00eatre transmise \u00e0 des tiers (agissant en qualit\u00e9 de sous-traitants) afin de permettre la fourniture des prestations. Le responsable de traitement accorde une grande importance \u00e0 la protection des donn\u00e9es personnelle qu\u2019il traite et veille \u00e0 ce que les traitements ainsi mise en \u0153uvre fassent l\u2019objet de garanties appropri\u00e9es.<\/p>\n\n\n\n<p class=\"has-text-color has-link-color has-medium-font-size wp-elements-d7b1fbda4b1f32b2e016a0a38e304c32\" style=\"color:#1e3b73\">\u2014 Les transferts hors union europ\u00e9enne :<\/p>\n\n\n\n<p class=\"has-text-color has-link-color wp-elements-a25a2fffa438750a2a27a760845677de\" style=\"color:#1e3b73\">Le responsable de traitement est susceptible de transf\u00e9rer des donn\u00e9es personnelles en dehors de l\u2019Union europ\u00e9enne dans le cadre des outils informatiques qu\u2019il utilise pour ses activit\u00e9s.<br>Ces transferts ne pourront \u00eatre r\u00e9alis\u00e9s qu\u2019apr\u00e8s avoir pris les mesures n\u00e9cessaires pour les s\u00e9curiser en veillant \u00e0 la mise en \u0153uvre de garanties appropri\u00e9es.<br>Enfin, les donn\u00e9es transmises via le formulaire sont directement stock\u00e9es dans la bo\u00eete email professionnelle d\u00e9di\u00e9e \u00e0 cet effet.<\/p>\n\n\n\n<p class=\"has-text-color has-link-color has-medium-font-size wp-elements-666995e1c7e4e08abb99763cb79756de\" style=\"color:#1e3b73\">\u2014 Consentement \u00e0 l\u2019utilisation de cookies :<\/p>\n\n\n\n<p class=\"has-text-color has-link-color wp-elements-e26100afa8d35cc3105db28664b5f14b\" style=\"color:#1e3b73\">Pour le bon fonctionnement de notre site Web, nous utilisons cookies.<\/p>\n\n\n\n<p class=\"has-text-color has-link-color has-medium-font-size wp-elements-66164634b2bc7e5ab6952c878ab31092\" style=\"color:#1e3b73\">\u2014 Mise \u00e0 jour de la politique de confidentialit\u00e9 :<\/p>\n\n\n\n<p class=\"has-text-color has-link-color wp-elements-7510a6c33184b42a12d23406abbe8de2\" style=\"color:#1e3b73\">Cette politique est susceptible de faire l\u2019objet de mises \u00e0 jour, notamment conform\u00e9ment aux \u00e9volutions de la r\u00e9glementation applicable.<\/p>\n<\/div>\n","protected":false},"excerpt":{"rendered":"<p>Mentions l\u00e9gales et gestion des cookies<\/p>\n","protected":false},"author":1,"featured_media":0,"parent":0,"menu_order":0,"comment_status":"closed","ping_status":"closed","template":"","meta":{"footnotes":""},"class_list":["post-3395","page","type-page","status-publish","hentry"],"yoast_head":"<!-- This site is optimized with the Yoast SEO plugin v24.8.1 - https:\/\/yoast.com\/wordpress\/plugins\/seo\/ -->\n<title>Mentions L\u00e9gales - Adeline Brevi\u00e8re<\/title>\n<meta name=\"robots\" content=\"index, follow, max-snippet:-1, max-image-preview:large, max-video-preview:-1\" \/>\n<link rel=\"canonical\" href=\"https:\/\/v2.adelinebreviere-studio.com\/abv2\/index.php\/mentions-legales\/\" \/>\n<meta property=\"og:locale\" content=\"en_US\" \/>\n<meta property=\"og:type\" content=\"article\" \/>\n<meta property=\"og:title\" content=\"Mentions L\u00e9gales - Adeline Brevi\u00e8re\" \/>\n<meta property=\"og:description\" content=\"Mentions l\u00e9gales et gestion des cookies\" \/>\n<meta property=\"og:url\" content=\"https:\/\/v2.adelinebreviere-studio.com\/abv2\/index.php\/mentions-legales\/\" \/>\n<meta property=\"og:site_name\" content=\"Adeline Brevi\u00e8re\" \/>\n<meta property=\"article:modified_time\" content=\"2025-06-16T20:43:43+00:00\" \/>\n<meta name=\"twitter:card\" content=\"summary_large_image\" \/>\n<meta name=\"twitter:label1\" content=\"Est. reading time\" \/>\n\t<meta name=\"twitter:data1\" content=\"5 minutes\" \/>\n<script type=\"application\/ld+json\" class=\"yoast-schema-graph\">{\"@context\":\"https:\/\/schema.org\",\"@graph\":[{\"@type\":\"WebPage\",\"@id\":\"https:\/\/v2.adelinebreviere-studio.com\/abv2\/index.php\/mentions-legales\/\",\"url\":\"https:\/\/v2.adelinebreviere-studio.com\/abv2\/index.php\/mentions-legales\/\",\"name\":\"Mentions L\u00e9gales - Adeline Brevi\u00e8re\",\"isPartOf\":{\"@id\":\"https:\/\/v2.adelinebreviere-studio.com\/abv2\/#website\"},\"datePublished\":\"2025-06-16T20:08:35+00:00\",\"dateModified\":\"2025-06-16T20:43:43+00:00\",\"breadcrumb\":{\"@id\":\"https:\/\/v2.adelinebreviere-studio.com\/abv2\/index.php\/mentions-legales\/#breadcrumb\"},\"inLanguage\":\"en-US\",\"potentialAction\":[{\"@type\":\"ReadAction\",\"target\":[\"https:\/\/v2.adelinebreviere-studio.com\/abv2\/index.php\/mentions-legales\/\"]}]},{\"@type\":\"BreadcrumbList\",\"@id\":\"https:\/\/v2.adelinebreviere-studio.com\/abv2\/index.php\/mentions-legales\/#breadcrumb\",\"itemListElement\":[{\"@type\":\"ListItem\",\"position\":1,\"name\":\"Accueil\",\"item\":\"https:\/\/v2.adelinebreviere-studio.com\/abv2\/\"},{\"@type\":\"ListItem\",\"position\":2,\"name\":\"Mentions L\u00e9gales\"}]},{\"@type\":\"WebSite\",\"@id\":\"https:\/\/v2.adelinebreviere-studio.com\/abv2\/#website\",\"url\":\"https:\/\/v2.adelinebreviere-studio.com\/abv2\/\",\"name\":\"Adeline Brevi\u00e8re\",\"description\":\"Designer Graphique\",\"potentialAction\":[{\"@type\":\"SearchAction\",\"target\":{\"@type\":\"EntryPoint\",\"urlTemplate\":\"https:\/\/v2.adelinebreviere-studio.com\/abv2\/?s={search_term_string}\"},\"query-input\":{\"@type\":\"PropertyValueSpecification\",\"valueRequired\":true,\"valueName\":\"search_term_string\"}}],\"inLanguage\":\"en-US\"}]}<\/script>\n<!-- \/ Yoast SEO plugin. -->","yoast_head_json":{"title":"Mentions L\u00e9gales - Adeline Brevi\u00e8re","robots":{"index":"index","follow":"follow","max-snippet":"max-snippet:-1","max-image-preview":"max-image-preview:large","max-video-preview":"max-video-preview:-1"},"canonical":"https:\/\/v2.adelinebreviere-studio.com\/abv2\/index.php\/mentions-legales\/","og_locale":"en_US","og_type":"article","og_title":"Mentions L\u00e9gales - Adeline Brevi\u00e8re","og_description":"Mentions l\u00e9gales et gestion des cookies","og_url":"https:\/\/v2.adelinebreviere-studio.com\/abv2\/index.php\/mentions-legales\/","og_site_name":"Adeline Brevi\u00e8re","article_modified_time":"2025-06-16T20:43:43+00:00","twitter_card":"summary_large_image","twitter_misc":{"Est. reading time":"5 minutes"},"schema":{"@context":"https:\/\/schema.org","@graph":[{"@type":"WebPage","@id":"https:\/\/v2.adelinebreviere-studio.com\/abv2\/index.php\/mentions-legales\/","url":"https:\/\/v2.adelinebreviere-studio.com\/abv2\/index.php\/mentions-legales\/","name":"Mentions L\u00e9gales - Adeline Brevi\u00e8re","isPartOf":{"@id":"https:\/\/v2.adelinebreviere-studio.com\/abv2\/#website"},"datePublished":"2025-06-16T20:08:35+00:00","dateModified":"2025-06-16T20:43:43+00:00","breadcrumb":{"@id":"https:\/\/v2.adelinebreviere-studio.com\/abv2\/index.php\/mentions-legales\/#breadcrumb"},"inLanguage":"en-US","potentialAction":[{"@type":"ReadAction","target":["https:\/\/v2.adelinebreviere-studio.com\/abv2\/index.php\/mentions-legales\/"]}]},{"@type":"BreadcrumbList","@id":"https:\/\/v2.adelinebreviere-studio.com\/abv2\/index.php\/mentions-legales\/#breadcrumb","itemListElement":[{"@type":"ListItem","position":1,"name":"Accueil","item":"https:\/\/v2.adelinebreviere-studio.com\/abv2\/"},{"@type":"ListItem","position":2,"name":"Mentions L\u00e9gales"}]},{"@type":"WebSite","@id":"https:\/\/v2.adelinebreviere-studio.com\/abv2\/#website","url":"https:\/\/v2.adelinebreviere-studio.com\/abv2\/","name":"Adeline Brevi\u00e8re","description":"Designer Graphique","potentialAction":[{"@type":"SearchAction","target":{"@type":"EntryPoint","urlTemplate":"https:\/\/v2.adelinebreviere-studio.com\/abv2\/?s={search_term_string}"},"query-input":{"@type":"PropertyValueSpecification","valueRequired":true,"valueName":"search_term_string"}}],"inLanguage":"en-US"}]}},"_links":{"self":[{"href":"https:\/\/v2.adelinebreviere-studio.com\/abv2\/index.php\/wp-json\/wp\/v2\/pages\/3395","targetHints":{"allow":["GET"]}}],"collection":[{"href":"https:\/\/v2.adelinebreviere-studio.com\/abv2\/index.php\/wp-json\/wp\/v2\/pages"}],"about":[{"href":"https:\/\/v2.adelinebreviere-studio.com\/abv2\/index.php\/wp-json\/wp\/v2\/types\/page"}],"author":[{"embeddable":true,"href":"https:\/\/v2.adelinebreviere-studio.com\/abv2\/index.php\/wp-json\/wp\/v2\/users\/1"}],"replies":[{"embeddable":true,"href":"https:\/\/v2.adelinebreviere-studio.com\/abv2\/index.php\/wp-json\/wp\/v2\/comments?post=3395"}],"version-history":[{"count":11,"href":"https:\/\/v2.adelinebreviere-studio.com\/abv2\/index.php\/wp-json\/wp\/v2\/pages\/3395\/revisions"}],"predecessor-version":[{"id":3416,"href":"https:\/\/v2.adelinebreviere-studio.com\/abv2\/index.php\/wp-json\/wp\/v2\/pages\/3395\/revisions\/3416"}],"wp:attachment":[{"href":"https:\/\/v2.adelinebreviere-studio.com\/abv2\/index.php\/wp-json\/wp\/v2\/media?parent=3395"}],"curies":[{"name":"wp","href":"https:\/\/api.w.org\/{rel}","templated":true}]}}