{"id":3366,"date":"2025-06-16T21:32:30","date_gmt":"2025-06-16T19:32:30","guid":{"rendered":"https:\/\/v2.adelinebreviere-studio.com\/abv2\/?page_id=3366"},"modified":"2025-06-16T22:42:34","modified_gmt":"2025-06-16T20:42:34","slug":"conditions-generales-de-vente","status":"publish","type":"page","link":"https:\/\/v2.adelinebreviere-studio.com\/abv2\/index.php\/conditions-generales-de-vente\/","title":{"rendered":""},"content":{"rendered":"\n<h3 class=\"wp-block-heading has-text-align-center has-text-color has-link-color wp-elements-2d4a62621421e901b8e624e22795cc11\" style=\"color:#1e3b73\">Conditions G\u00e9n\u00e9rales de Vente<\/h3>\n\n\n\n<div class=\"wp-block-harington-gutenberg-container content-row light-section normal row_padding_bottom\" data-bgcolor=\"#eeeeee\" style=\"text-align:left\">\n<p class=\"has-text-color has-link-color wp-elements-9e2b760bc7fdd0816f11759a5a893d6c\" style=\"color:#e83f4e\">\u2014 PARTIES DU CONTRAT&nbsp;:<\/p>\n\n\n\n<p class=\"has-text-color has-link-color wp-elements-dfaa83c20514fb82f94d731d21a9dc73\" style=\"color:#1e3b73\">Le terme \u00abClient\u00bb d\u00e9signe toute personne morale ou physique, ayant requis les comp\u00e9tences de Adeline Brevi\u00e8re EI pour toute cr\u00e9ation dans le cadre des comp\u00e9tences du graphisme. Le terme \u00abTiers\u00bb d\u00e9signe toute personne physique ou morale non partie au contrat. Le terme \u00abPrestataire\u00bb d\u00e9signe Adeline Brevi\u00e8re EI, Directrice artistique, graphiste ind\u00e9pendante artiste-auteure.<\/p>\n\n\n\n<p class=\"has-text-color has-link-color wp-elements-ff9a003387f3b63156c801ff10281387\" style=\"color:#e83f4e\">\u2014 G\u00c9N\u00c9RALIT\u00c9S&nbsp;:<\/p>\n\n\n\n<p class=\"has-text-color has-link-color wp-elements-a5f822a6565b0c0f30e3a82c1771c785\" style=\"color:#1e3b73\">Les pr\u00e9sentes conditions g\u00e9n\u00e9rales de vente s\u2019appliquent \u00e0 toutes les prestations de cr\u00e9ation graphiques effectu\u00e9es par Adeline Brevi\u00e8re EI. Adeline Brevi\u00e8re EI se r\u00e9serve le droit de modifier ses conditions g\u00e9n\u00e9rales de vente, ses formules et ses tarifs \u00e0 tout moment et sans pr\u00e9avis. Ces modifications n\u2019auront aucune incidence sur les commandes en cours. La signature du devis entra\u00eene l\u2019adh\u00e9sion pleine et enti\u00e8re, sans restriction ni r\u00e9serve, du Client aux pr\u00e9sentes conditions g\u00e9n\u00e9rales de vente.<\/p>\n\n\n\n<p class=\"has-text-color has-link-color wp-elements-519e94f30611afb5509d16362bd9bd49\" style=\"color:#e83f4e\">\u2014 M\u00c9THODOLOGIE :<\/p>\n\n\n\n<p class=\"has-text-color has-link-color wp-elements-8bd2e80b81b782f3d0cb885cc6411d2a\" style=\"color:#1e3b73\">Afin d\u2019assurer des tarifs comp\u00e9titifs et une qualit\u00e9 de r\u00e9alisation, le d\u00e9roulement de la commande suit une proc\u00e9dure par \u00e9tapes :<br><strong>\u2022<\/strong>&nbsp;prise de contact et \u00e9laboration conjointe du cahier des charges ;<br><strong>\u2022<\/strong>&nbsp;validation du devis, acception des conditions g\u00e9n\u00e9rales de vente et confirmation du cahier des charges ;<br><strong>\u2022<\/strong>&nbsp;versement d\u2019un acompte de 30 % du montant TTC de la commande globale, conditionnant l\u2019amorce de la mission ;<br><strong>\u2022<\/strong>&nbsp;r\u00e9alisation du projet, puis validation \u00e9crite par le Client, de chaque phase du projet ;<br><strong>\u2022<\/strong>&nbsp;facturation au(x) service(s) rendu(s) ou solde de la commande \u00e0 r\u00e9gulariser au terme de la prestation, \u00e0 r\u00e9ception de la facture.<br>Toutes les prestations incluent un nombre d\u2019allers-retours pour corrections et ajustements, d\u00e9fini dans le devis. Par corrections et ajustements, Adeline Brevi\u00e8re EI entend les retouches mineures concernant les textes et visuels. Toutefois, en cas de demandes de modifications excessives, de corrections d\u2019auteur, de modifications hors devis ou la r\u00e9clamation d\u2019aller-retour suppl\u00e9mentaire au-del\u00e0 du nombre d\u00e9fini dans le cahier des charges, Adeline Brevi\u00e8re EI se r\u00e9serve le droit de facturer ces services au tarif journalier en vigueur.<\/p>\n\n\n\n<p class=\"has-text-color has-link-color wp-elements-f5adf86374802dd681074e1693cd8810\" style=\"color:#e83f4e\">\u2014 DEVIS :<\/p>\n\n\n\n<p class=\"has-text-color has-link-color wp-elements-283e22a1cc95edab1f3a6bb4d866f660\" style=\"color:#1e3b73\">Le devis sign\u00e9 par le Client et sur lequel figure la mention \u201cBon pour Accord\u201c a valeur de bon de commande. Les prestations \u00e0 fournir sont celles pr\u00e9cis\u00e9ment \u00e9nonc\u00e9es sur le devis, dans le respect des pr\u00e9sentes conditions g\u00e9n\u00e9rales de vente. De mani\u00e8re corollaire, toute prestation non \u00e9nonc\u00e9e dans le devis fera l\u2019objet d\u2019un devis compl\u00e9mentaire. Sauf mention particuli\u00e8re dans le devis, les frais d\u2019impression et\/ ou d\u2019h\u00e9bergement internet ainsi que les fournitures telles que polices typographiques, photographies, pictogrammes ou illustrations issues de banques d\u2019images, listes de presse, documents d\u2019archives, etc\u2026 n\u00e9cessaires \u00e0 la r\u00e9alisation de la commande ne sont pas compris dans les tarifs indiqu\u00e9s dans le devis. Ces prestations pourront faire l\u2019objet d\u2019un devis gratuit compl\u00e9mentaire ou seront directement r\u00e9gl\u00e9es par le Client aupr\u00e8s du fournisseur ou prestataire ext\u00e9rieur. Les prix stipul\u00e9s dans le devis restent fermes et non r\u00e9visables si la commande intervient dans le d\u00e9lai pr\u00e9cis\u00e9 sur le devis. \u00c0 l\u2019exclusion de cette condition, Adeline Brevi\u00e8re EI se r\u00e9serve le droit de modifier ses tarifs \u00e0 tout moment.<\/p>\n\n\n\n<p class=\"has-text-color has-link-color wp-elements-afe6e55eb710b6efea5d353b10f2b66a\" style=\"color:#e83f4e\">\u2014 FACTURATION ET R\u00c8GLEMENT :<\/p>\n\n\n\n<p class=\"has-text-color has-link-color wp-elements-b8e000098d88d7b3238da27fcf020fb7\" style=\"color:#1e3b73\">Le r\u00e8glement des prestations s\u2019effectue uniquement par virement bancaire \u00e0 l\u2019ordre de Adeline Brevi\u00e8re. Sauf d\u00e9lai de paiement suppl\u00e9mentaire convenu par accord entre les deux parties et figurant sur la facture, le paiement s\u2019effectue au plus tard au trenti\u00e8me jour suivant la date de facturation (C. Com. art L. 441-6, al.2 modifi\u00e9 de la loi du<br>15 mai 2001). Tout retard de paiement pourra donner lieu \u00e0 des p\u00e9nalit\u00e9s de retard exigibles sans rappel, au taux de<br>10% de la facture totale par mois de retard (Lutte contre les retards de paiement \/ article 53 de la Loi NRE), ainsi qu\u2019\u00e0 une indemnit\u00e9 forfaitaire de 40 \u20ac (C. Com. art. D441-5).<br>Le Client (diffuseur) est tenu de verser en sus une contribution de 1,10% du montant HT de la r\u00e9mun\u00e9ration \u00e0<br>l\u2019Urssaf (informations sur www.artistes-auteurs.urssaf.fr). Pas d\u2019escompte en cas de paiement anticip\u00e9.<br>Sauf accord \u00e9crit pr\u00e9cisant explicitement des modalit\u00e9s de paiement diff\u00e9rentes, le Client s\u2019engage \u00e0 proc\u00e9der aux paiements suivant les \u00e9ch\u00e9ances ci-apr\u00e8s :<br><strong>\u2022<\/strong>&nbsp;acompte de 30 % du montant net global \u00e0 la signature du devis et conditionnant l\u2019amorce de la commande ;<br><strong>\u2022<\/strong>&nbsp;facturation ou solde de la commande \u00e0 r\u00e9gulariser au terme de la prestation, \u00e0 r\u00e9ception de la facture ;<br><strong>\u2022<\/strong>&nbsp;en cas de mise en sommeil du projet par le Client et \u00e0 compter d\u2019un retard de plus de 2 mois par rapport \u00e0 l\u2019\u00e9ch\u00e9ancier fix\u00e9 initialement, Adeline Brevi\u00e8re EI se r\u00e9serve le droit de r\u00e9viser son prix dans une limite de 15 % par rapport au prix indiqu\u00e9 dans le devis original, et ce afin de garantir la poursuite de la mission. Les projets sans suite sont factur\u00e9s \u00e0 100 % de la valeur indiqu\u00e9e. Les sommes d\u00e9j\u00e0 vers\u00e9es restent acquises constituant un d\u00e9dommagement pour le travail entrepris.<\/p>\n\n\n\n<p class=\"has-text-color has-link-color wp-elements-73f17859a378a3070cdfc05ce22ceedc\" style=\"color:#e83f4e\">\u2014 PROPRI\u00c9T\u00c9 INTELLECTUELLE :<\/p>\n\n\n\n<p class=\"has-text-color has-link-color wp-elements-35fa79f336eb13378922e16e09b61ffa\" style=\"color:#1e3b73\">Le Client garantit qu\u2019il est totalement investi des droits de propri\u00e9t\u00e9 intellectuelle concernant les textes (y compris les d\u00e9nominations commerciales et noms de marque), photos, illustrations, chartes graphiques ou polices de caract\u00e8re qu\u2019il transfert \u00e0 Adeline Brevi\u00e8re EI aux fins de r\u00e9aliser les travaux command\u00e9s. Le Client garantit avoir obtenu les autorisations n\u00e9cessaires aux fins d\u2019exploiter une photographie faisant appara\u00eetre une personne physique et\/ou un bien prot\u00e9g\u00e9 par un droit d\u2019auteur ou un droit de propri\u00e9t\u00e9. Le Client est responsable de toutes informations et mat\u00e9riaux qu\u2019il confie \u00e0 Adeline Brevi\u00e8re EI. Dans ce cadre, il garantit \u00e0 Adeline Brevi\u00e8re EI que les travaux command\u00e9s ne s\u2019opposent \u00e0 aucun droit intellectuel ni clause l\u00e9gale. Le Client assure \u00e0 Adeline Brevi\u00e8re EI l\u2019exercice paisible des droits obtenus en vertu des pr\u00e9sentes, contre tout trouble, revendication et \u00e9viction quelconques provenant d\u2019un tiers.<\/p>\n\n\n\n<p class=\"has-text-color has-link-color wp-elements-c6a6e00583009a07901fd2893444553a\" style=\"color:#e83f4e\">\u2014 CESSION :<\/p>\n\n\n\n<p class=\"has-text-color has-link-color wp-elements-13e573553dba815d4763cf8a5d8fe7d5\" style=\"color:#1e3b73\">Dans le cadre des travaux command\u00e9s, Adeline Brevi\u00e8re EI c\u00e8de, sous r\u00e9serve du paiement int\u00e9gral de la r\u00e9mun\u00e9ration<br>fix\u00e9e dans le devis, l\u2019ensemble des cr\u00e9ations effectu\u00e9es pour le Client et ce, au terme du dernier et de l\u2019entier paiement. Seul le produit fini sera adress\u00e9 au Client, les fichiers sources restant propri\u00e9t\u00e9 de Adeline Brevi\u00e8re EI, sauf dans le cas o\u00f9 un avenant aux pr\u00e9sentes conditions g\u00e9n\u00e9rales de vente serait pr\u00e9alablement demand\u00e9 par le Client. La reproduction et la r\u00e9\u00e9dition des cr\u00e9ations d\u2019Adeline Brevi\u00e8re EI sont soumises \u00e0 la perception de droits d\u2019auteur selon la loi du 11 mars 1957. La cession de ces droits ne concerne que l\u2019utilisation sp\u00e9cifiquement pr\u00e9vue. Toute utilisation ult\u00e9rieure ou diff\u00e9rente n\u00e9cessite une nouvelle convention. Les modifications ou interpr\u00e9tations d\u2019une cr\u00e9ation graphique ne peuvent \u00eatre faites, en aucun cas, sans le consentement d\u2019Adeline Brevi\u00e8re EI. La signature ne peut \u00eatre supprim\u00e9e sans l\u2019accord d\u2019Adeline Brevi\u00e8re EI. En cas de rupture du contrat avant son terme par le Client, l\u2019ensemble des droits d\u2019auteur restent la propri\u00e9t\u00e9 exclusive et enti\u00e8re d\u2019Adeline Brevi\u00e8re EI, \u00e0 l\u2019exception des donn\u00e9es fournies par le Client. Les fichiers et donn\u00e9es sources cr\u00e9\u00e9s et utilis\u00e9es par Adeline Brevi\u00e8re EI ne sauraient d\u00e8s lors \u00eatre revendiqu\u00e9es par le Client sans une contribution financi\u00e8re. Les maquettes, et plus largement, toutes les \u0153uvres originales, restent la propri\u00e9t\u00e9 d\u2019Adeline Brevi\u00e8re EI, de m\u00eame que les projets refus\u00e9s.<\/p>\n\n\n\n<p class=\"has-text-color has-link-color wp-elements-415dcf32ed8ef9448e9f580e14abd6e4\" style=\"color:#e83f4e\">\u2014 PUBLICIT\u00c9 :<\/p>\n\n\n\n<p class=\"has-text-color has-link-color wp-elements-70f82dbd94265ea44c61678f67fdc8d9\" style=\"color:#1e3b73\">Sauf mention contraire explicite du Client notifi\u00e9e par \u00e9crit, Adeline Brevi\u00e8re EI se r\u00e9serve le droit de mentionner ses r\u00e9alisations pour le Client sur ses documents de communication, de publicit\u00e9 et sites web, lors de ses d\u00e9marches de promotion et de prospection commerciale. Sauf mention contraire explicite du Client notifi\u00e9e par \u00e9crit, Adeline Brevi\u00e8re EI se r\u00e9serve le droit de signer ses compositions.<\/p>\n\n\n\n<p class=\"has-text-color has-link-color wp-elements-393c2b191e701dbec718d6dac2c5bf3f\" style=\"color:#e83f4e\">\u2014 OBLIGATION DE MOYENS :<\/p>\n\n\n\n<p class=\"has-text-color has-link-color wp-elements-aa5efc728a3cf725e4536111ebcf3c69\" style=\"color:#1e3b73\">Adeline Brevi\u00e8re EI ne peut \u00eatre soumis qu\u2019\u00e0 une obligation de moyens et non de r\u00e9sultat. Adeline Brevi\u00e8re EI s\u2019engage \u00e0 ce que son \u0153uvre soit conforme aux exigences stipul\u00e9es dans le devis, sous r\u00e9serve qu\u2019une contrainte technique ne compromette les travaux command\u00e9s et que le cahier des charges transmis par le Client soit clair et pr\u00e9cis. Le Client s\u2019engage en effet \u00e0 fournir tous les renseignements n\u00e9cessaires \u00e0 la r\u00e9alisation des travaux. Il s\u2019engage \u00e0 fournir des informations justes et sinc\u00e8res et \u00e0 pr\u00e9venir Adeline Brevi\u00e8re EI de tout changement concernant les donn\u00e9es fournies. Il sera seul responsable des \u00e9ventuels dysfonctionnements qui pourraient r\u00e9sulter d\u2019informations erron\u00e9es.<br>Adeline Brevi\u00e8re EI se r\u00e9serve le droit de reporter les d\u00e9lais d\u2019ex\u00e9cution, d\u2019annuler la commande ou de produire une nouvelle facture en cas d\u2019insuffisance ou de retard de transmission de ces \u00e9l\u00e9ments ou en cas de demande suppl\u00e9mentaire du Client.<\/p>\n\n\n\n<p class=\"has-text-color has-link-color wp-elements-0830ee5a77b6123168a9c3dce5b6c6c4\" style=\"color:#e83f4e\">\u2014 INCAPACIT\u00c9 DE TRAVAIL ET FORCE MAJEURE :<\/p>\n\n\n\n<p class=\"has-text-color has-link-color wp-elements-e1658dd68f548a54cb6a43ab7b42ab94\" style=\"color:#1e3b73\">En cas d\u2019incapacit\u00e9 de travail, par suite de maladie ou le Client le versement d\u2019indemnit\u00e9s. Il est admis que Adeline Brevi\u00e8re EI se doit d\u2019avertir le Client d\u00e8s le premier jour ouvrable de son incapacit\u00e9. Adeline Brevi\u00e8re EI ne saurait \u00eatre tenue pour responsable des retards ou de la non-ex\u00e9cution d\u2019une commande r\u00e9sultant d\u2019un cas de force majeure : blocage ou indisponibilit\u00e9 des r\u00e9seaux de t\u00e9l\u00e9communication, intervention m\u00e9dicale d\u2019urgence, incendie, inondation, gr\u00e8ve, exigence de la puissance publique, avaries de transport ou tout autre \u00e9v\u00e8nement impr\u00e9visible et in\u00e9vitable \u00e9chappant au contr\u00f4le de Adeline Brevi\u00e8re EI. Tout cas de force majeure ne saurait donner lieu \u00e0 un quelconque d\u00e9dommagement ou indemnit\u00e9 et ne dispense en aucun cas le Client de r\u00e9gler toute somme due \u00e0 Adeline Brevi\u00e8re EI. Le Client et le Prestataire conviendront alors des conditions dans lesquelles l\u2019ex\u00e9cution du contrat sera poursuivie.<\/p>\n\n\n\n<p class=\"has-text-color has-link-color wp-elements-8a107340f912d460ce496432911fdee0\" style=\"color:#e83f4e\">\u2014 RESPONSABILIT\u00c9 DU CLIENT :<\/p>\n\n\n\n<p class=\"has-text-color has-link-color wp-elements-13c3bb7533098ae146dbc351093c8acf\" style=\"color:#1e3b73\">Le d\u00e9roulement de la commande suit une proc\u00e9dure par \u00e9tapes (cf. paragraphe M\u00e9thodologie). Toute \u00e9tape valid\u00e9e par le Client conditionne le passage \u00e0 l\u2019\u00e9tape suivante et ne saurait \u00eatre ult\u00e9rieurement contest\u00e9e ou r\u00e9vis\u00e9e par ce dernier. Adeline Brevi\u00e8re EI se r\u00e9serve le droit de facturer toute r\u00e9vision exig\u00e9e par le Client ult\u00e9rieurement \u00e0 sa validation initiale. D\u00e8s lors que la validation finale ou le BAT (bon \u00e0 tirer) a \u00e9t\u00e9 sign\u00e9 et valid\u00e9 par le Client, Adeline Brevi\u00e8re EI ne saurait \u00eatre tenue responsable des aspects jug\u00e9s non conformes par le Client, en termes de contenu, forme graphique ou rendu d\u2019impression.<\/p>\n\n\n\n<p class=\"has-text-color has-link-color wp-elements-0a9735c3b082cd78c5ebf3c10a6ce506\" style=\"color:#e83f4e\">\u2014 CONDITIONS DE LIVRAISON :<\/p>\n\n\n\n<p class=\"has-text-color has-link-color wp-elements-56b4690e37d440630dbfb67c5d3d45c5\" style=\"color:#1e3b73\">Les livrables sont exp\u00e9di\u00e9es \u00e0 l\u2019adresse indiqu\u00e9e par le Client et adress\u00e9s au responsable du projet. Adeline Brevi\u00e8re EI fait diligence pour livrer dans les meilleurs d\u00e9lais les commandes suivant l\u2019\u00e9ch\u00e9ancier pr\u00e9vu dans le devis et sous r\u00e9serve du respect par le Client de l\u2019int\u00e9gralit\u00e9 des conditions d\u00e9crites ci-dessous :<br><strong>\u2022<\/strong>&nbsp;respect par le Client des d\u00e9lais sp\u00e9cifi\u00e9s dans l\u2019\u00e9ch\u00e9ancier et respect de la proc\u00e9dure de validation n\u00e9cessaire au passage \u00e0 l\u2019\u00e9tape suivante ;<br><strong>\u2022<\/strong>&nbsp;fourniture par le Client de l\u2019int\u00e9gralit\u00e9 des \u00e9l\u00e9ments n\u00e9cessaires \u00e0 la bonne r\u00e9alisation des travaux ;<br><strong>\u2022<\/strong>&nbsp;d\u00e9livrance \u00e9crite d\u2019un retour par le Client d\u2019un BAT valid\u00e9 avant toute impression ou livraison d\u00e9finitive ;<br><strong>\u2022<\/strong>&nbsp;paiement des acomptes aux p\u00e9riodes sp\u00e9cifi\u00e9es par Adeline Brevi\u00e8re EI.<\/p>\n\n\n\n<p class=\"has-text-color has-link-color wp-elements-c0ee333a6cdb198c5ccbdf90f3cdb4d2\" style=\"color:#e83f4e\">\u2014 MISE EN CONCURRENCE :<\/p>\n\n\n\n<p class=\"has-text-color has-link-color wp-elements-4cd4e4a0eb7d748bd81db3376048b334\" style=\"color:#1e3b73\">Le Client informe Adeline Brevi\u00e8re EI d\u2019une \u00e9ventuelle mise en concurrence avec d\u2019autres prestataires. Lorsque pour une m\u00eame commande le Client fait appel \u00e0 plusieurs prestataires en graphisme et communication, Adeline Brevi\u00e8re EI facture ses recherches et propositions.<\/p>\n\n\n\n<p class=\"has-text-color has-link-color wp-elements-cd9acf3cf7113e76241b9a4fae2aa68c\" style=\"color:#e83f4e\">\u2014 LITIGE :<\/p>\n\n\n\n<p class=\"has-text-color has-link-color wp-elements-b41d0b4516ac51759e218e218ebbe97c\" style=\"color:#1e3b73\">Les r\u00e9clamations ou contestations seront toujours re\u00e7ues avec bienveillance attentive. En cas de litige, le Client s\u2019adressera en priorit\u00e9 \u00e0 Adeline Brevi\u00e8re EI pour obtenir une solution amiable. A d\u00e9faut, les pr\u00e9sentes conditions \u00e9tant soumises au droit fran\u00e7ais, tout litige susceptible de s\u2019\u00e9lever entre les parties sera de la comp\u00e9tence des tribunaux de Paris.<\/p>\n<\/div>\n","protected":false},"excerpt":{"rendered":"<p>Conditions G\u00e9n\u00e9rales de Vente<\/p>\n","protected":false},"author":1,"featured_media":0,"parent":0,"menu_order":0,"comment_status":"closed","ping_status":"closed","template":"","meta":{"footnotes":""},"class_list":["post-3366","page","type-page","status-publish","hentry"],"yoast_head":"<!-- This site is optimized with the Yoast SEO plugin v24.8.1 - https:\/\/yoast.com\/wordpress\/plugins\/seo\/ -->\n<title>Conditions G\u00e9n\u00e9rales de Vente - Adeline Brevi\u00e8re<\/title>\n<meta name=\"robots\" content=\"index, follow, max-snippet:-1, max-image-preview:large, max-video-preview:-1\" \/>\n<link rel=\"canonical\" href=\"https:\/\/v2.adelinebreviere-studio.com\/abv2\/index.php\/conditions-generales-de-vente\/\" \/>\n<meta property=\"og:locale\" content=\"en_US\" \/>\n<meta property=\"og:type\" content=\"article\" \/>\n<meta property=\"og:title\" content=\"Conditions G\u00e9n\u00e9rales de Vente - Adeline Brevi\u00e8re\" \/>\n<meta property=\"og:description\" content=\"Conditions G\u00e9n\u00e9rales de Vente\" \/>\n<meta property=\"og:url\" content=\"https:\/\/v2.adelinebreviere-studio.com\/abv2\/index.php\/conditions-generales-de-vente\/\" \/>\n<meta property=\"og:site_name\" content=\"Adeline Brevi\u00e8re\" \/>\n<meta property=\"article:modified_time\" content=\"2025-06-16T20:42:34+00:00\" \/>\n<meta name=\"twitter:card\" content=\"summary_large_image\" \/>\n<meta name=\"twitter:label1\" content=\"Est. reading time\" \/>\n\t<meta name=\"twitter:data1\" content=\"10 minutes\" \/>\n<script type=\"application\/ld+json\" class=\"yoast-schema-graph\">{\"@context\":\"https:\/\/schema.org\",\"@graph\":[{\"@type\":\"WebPage\",\"@id\":\"https:\/\/v2.adelinebreviere-studio.com\/abv2\/index.php\/conditions-generales-de-vente\/\",\"url\":\"https:\/\/v2.adelinebreviere-studio.com\/abv2\/index.php\/conditions-generales-de-vente\/\",\"name\":\"Conditions G\u00e9n\u00e9rales de Vente - Adeline Brevi\u00e8re\",\"isPartOf\":{\"@id\":\"https:\/\/v2.adelinebreviere-studio.com\/abv2\/#website\"},\"datePublished\":\"2025-06-16T19:32:30+00:00\",\"dateModified\":\"2025-06-16T20:42:34+00:00\",\"breadcrumb\":{\"@id\":\"https:\/\/v2.adelinebreviere-studio.com\/abv2\/index.php\/conditions-generales-de-vente\/#breadcrumb\"},\"inLanguage\":\"en-US\",\"potentialAction\":[{\"@type\":\"ReadAction\",\"target\":[\"https:\/\/v2.adelinebreviere-studio.com\/abv2\/index.php\/conditions-generales-de-vente\/\"]}]},{\"@type\":\"BreadcrumbList\",\"@id\":\"https:\/\/v2.adelinebreviere-studio.com\/abv2\/index.php\/conditions-generales-de-vente\/#breadcrumb\",\"itemListElement\":[{\"@type\":\"ListItem\",\"position\":1,\"name\":\"Accueil\",\"item\":\"https:\/\/v2.adelinebreviere-studio.com\/abv2\/\"},{\"@type\":\"ListItem\",\"position\":2,\"name\":\"Conditions G\u00e9n\u00e9rales de Vente\"}]},{\"@type\":\"WebSite\",\"@id\":\"https:\/\/v2.adelinebreviere-studio.com\/abv2\/#website\",\"url\":\"https:\/\/v2.adelinebreviere-studio.com\/abv2\/\",\"name\":\"Adeline Brevi\u00e8re\",\"description\":\"Designer Graphique\",\"potentialAction\":[{\"@type\":\"SearchAction\",\"target\":{\"@type\":\"EntryPoint\",\"urlTemplate\":\"https:\/\/v2.adelinebreviere-studio.com\/abv2\/?s={search_term_string}\"},\"query-input\":{\"@type\":\"PropertyValueSpecification\",\"valueRequired\":true,\"valueName\":\"search_term_string\"}}],\"inLanguage\":\"en-US\"}]}<\/script>\n<!-- \/ Yoast SEO plugin. -->","yoast_head_json":{"title":"Conditions G\u00e9n\u00e9rales de Vente - Adeline Brevi\u00e8re","robots":{"index":"index","follow":"follow","max-snippet":"max-snippet:-1","max-image-preview":"max-image-preview:large","max-video-preview":"max-video-preview:-1"},"canonical":"https:\/\/v2.adelinebreviere-studio.com\/abv2\/index.php\/conditions-generales-de-vente\/","og_locale":"en_US","og_type":"article","og_title":"Conditions G\u00e9n\u00e9rales de Vente - Adeline Brevi\u00e8re","og_description":"Conditions G\u00e9n\u00e9rales de Vente","og_url":"https:\/\/v2.adelinebreviere-studio.com\/abv2\/index.php\/conditions-generales-de-vente\/","og_site_name":"Adeline Brevi\u00e8re","article_modified_time":"2025-06-16T20:42:34+00:00","twitter_card":"summary_large_image","twitter_misc":{"Est. reading time":"10 minutes"},"schema":{"@context":"https:\/\/schema.org","@graph":[{"@type":"WebPage","@id":"https:\/\/v2.adelinebreviere-studio.com\/abv2\/index.php\/conditions-generales-de-vente\/","url":"https:\/\/v2.adelinebreviere-studio.com\/abv2\/index.php\/conditions-generales-de-vente\/","name":"Conditions G\u00e9n\u00e9rales de Vente - Adeline Brevi\u00e8re","isPartOf":{"@id":"https:\/\/v2.adelinebreviere-studio.com\/abv2\/#website"},"datePublished":"2025-06-16T19:32:30+00:00","dateModified":"2025-06-16T20:42:34+00:00","breadcrumb":{"@id":"https:\/\/v2.adelinebreviere-studio.com\/abv2\/index.php\/conditions-generales-de-vente\/#breadcrumb"},"inLanguage":"en-US","potentialAction":[{"@type":"ReadAction","target":["https:\/\/v2.adelinebreviere-studio.com\/abv2\/index.php\/conditions-generales-de-vente\/"]}]},{"@type":"BreadcrumbList","@id":"https:\/\/v2.adelinebreviere-studio.com\/abv2\/index.php\/conditions-generales-de-vente\/#breadcrumb","itemListElement":[{"@type":"ListItem","position":1,"name":"Accueil","item":"https:\/\/v2.adelinebreviere-studio.com\/abv2\/"},{"@type":"ListItem","position":2,"name":"Conditions G\u00e9n\u00e9rales de Vente"}]},{"@type":"WebSite","@id":"https:\/\/v2.adelinebreviere-studio.com\/abv2\/#website","url":"https:\/\/v2.adelinebreviere-studio.com\/abv2\/","name":"Adeline Brevi\u00e8re","description":"Designer Graphique","potentialAction":[{"@type":"SearchAction","target":{"@type":"EntryPoint","urlTemplate":"https:\/\/v2.adelinebreviere-studio.com\/abv2\/?s={search_term_string}"},"query-input":{"@type":"PropertyValueSpecification","valueRequired":true,"valueName":"search_term_string"}}],"inLanguage":"en-US"}]}},"_links":{"self":[{"href":"https:\/\/v2.adelinebreviere-studio.com\/abv2\/index.php\/wp-json\/wp\/v2\/pages\/3366","targetHints":{"allow":["GET"]}}],"collection":[{"href":"https:\/\/v2.adelinebreviere-studio.com\/abv2\/index.php\/wp-json\/wp\/v2\/pages"}],"about":[{"href":"https:\/\/v2.adelinebreviere-studio.com\/abv2\/index.php\/wp-json\/wp\/v2\/types\/page"}],"author":[{"embeddable":true,"href":"https:\/\/v2.adelinebreviere-studio.com\/abv2\/index.php\/wp-json\/wp\/v2\/users\/1"}],"replies":[{"embeddable":true,"href":"https:\/\/v2.adelinebreviere-studio.com\/abv2\/index.php\/wp-json\/wp\/v2\/comments?post=3366"}],"version-history":[{"count":12,"href":"https:\/\/v2.adelinebreviere-studio.com\/abv2\/index.php\/wp-json\/wp\/v2\/pages\/3366\/revisions"}],"predecessor-version":[{"id":3404,"href":"https:\/\/v2.adelinebreviere-studio.com\/abv2\/index.php\/wp-json\/wp\/v2\/pages\/3366\/revisions\/3404"}],"wp:attachment":[{"href":"https:\/\/v2.adelinebreviere-studio.com\/abv2\/index.php\/wp-json\/wp\/v2\/media?parent=3366"}],"curies":[{"name":"wp","href":"https:\/\/api.w.org\/{rel}","templated":true}]}}